{"id":2393,"date":"2018-03-25T14:25:09","date_gmt":"2018-03-25T12:25:09","guid":{"rendered":"https:\/\/literarnenoviny.sk\/servis\/?page_id=2393"},"modified":"2023-01-27T09:09:49","modified_gmt":"2023-01-27T08:09:49","slug":"precitali-sme-si-pri-kave","status":"publish","type":"page","link":"https:\/\/literarnenoviny.sk\/servis\/precitali-sme-si-pri-kave\/","title":{"rendered":"Pre\u010d\u00edtali sme si pri k\u00e1ve"},"content":{"rendered":"<p><span class=\"page-content\">O knih\u00e1ch, literat\u00fare a&nbsp;kult\u00fare samozrejme nep\u00ed\u0161eme len my, ale aj ostatn\u00e9 m\u00e9dia \u010di&nbsp;blogeri. Medzi mno\u017estvom inform\u00e1ci\u00ed, ktor\u00e9 na&nbsp;n\u00e1s ka\u017ed\u00fd de\u0148 doliehaj\u00fa, sa&nbsp;v\u0161ak mnoh\u00e9 zauj\u00edmav\u00e9 pr\u00edspevky stratia. Ak nejak\u00fd tak\u00fdto \u010dl\u00e1nok zaregistrujeme, tak odkaz na&nbsp;neho zaru\u010dene n\u00e1jdete na&nbsp;tejto str\u00e1nke.<\/span><\/p>\n<div class=\"gca-utility vertical-spacer\"><\/div>\n<style>\ndiv.hungryfeed_block {\r\nwidth: 100%;\r\n}\r\n\r\nh4.hungryfeed_item_title {\r\nmargin: 0 0 8px 0;\r\npadding: 4px 0 0 1px;\r\nfont-family: Oswald, Arial, Helvetica, sans-serif;\r\nfont-size: 12px;\r\nfont-size: 1.2rem;\r\ntext-transform: uppercase;\r\n}\r\n\r\np.hungryfeed_feed_content {\r\ncolor: #333;\r\npadding: 0 0 0px 0;\r\n}\r\n\r\np.hungryfeed_feed_content img {\r\nmax-width: 300px;\r\ndisplay: block;\r\nfloat: left;\r\nmargin: 0px;\r\npadding: 5px 0px 0 0;\r\n}\r\n\r\n@media(max-width: 960px){\r\n  p.hungryfeed_feed_content img{\r\n  min-width: 100%;\r\n   }\r\n}\n<\/style>\n<script type=\"text\/javascript\">\r\n\/\/ Custom Javascript here...\r\n<\/script>\n<div class=\"hungryfeed_items\">\n<div class=\"hungryfeed_block\">\r\n<div class=\"gca-utility clearfix\"><\/div>\r\n<h4 class=\"hungryfeed_item_title\">Vidie\u0165 sa tak, ako n\u00e1s vidia in\u00ed<\/h4>\r\n<div class=\"gca-column one-half first\"><span class=\"onlyimages\"><a href=\"https:\/\/www.postoj.sk\/124216\/vidiet-sa-tak-ako-nas-vidia-ini#new_tab\" target=\"_blank\"><img src=\"https:\/\/addmedia.link\/thumbs\/2023\/02110859.jpg\">\nBritsk\u00fd autor rusk\u00e9ho p\u00f4vodu  Konstantin Kisin nap\u00edsal zauj\u00edmav\u00fa knihu o prehnanej sebakritike Z\u00e1padu. Jeho debut Imigrantov milostn\u00fd list Z\u00e1padu sa stal bestsellerom.<\/a><\/span><\/div>\r\n<div class=\"gca-column one-half\"><span class=\"noimages\"><a href=\"https:\/\/www.postoj.sk\/124216\/vidiet-sa-tak-ako-nas-vidia-ini#new_tab\" target=\"_blank\"><img src=\"https:\/\/addmedia.link\/thumbs\/2023\/02110859.jpg\">\nBritsk\u00fd autor rusk\u00e9ho p\u00f4vodu  Konstantin Kisin nap\u00edsal zauj\u00edmav\u00fa knihu o prehnanej sebakritike Z\u00e1padu. Jeho debut Imigrantov milostn\u00fd list Z\u00e1padu sa stal bestsellerom.<\/a><\/span><br>\r\n<span class=\"digest-copy\">  Helen Daleov\u00e1 \/ Denn\u00edk Postoj<\/span><\/div>\r\n<span><hr><\/span>\r\n<\/div><div class=\"hungryfeed_block\">\r\n<div class=\"gca-utility clearfix\"><\/div>\r\n<h4 class=\"hungryfeed_item_title\">O knihe Ufo nad Bratislavou a pre\u010do z nej nie som tak\u00e1 unesen\u00e1?<\/h4>\r\n<div class=\"gca-column one-half first\"><span class=\"onlyimages\"><a href=\"https:\/\/www.postoj.sk\/123110\/preco-z-nej-nie-som-taka-unesena-ako-kolegovia-v-denniku-n#new_tab\" target=\"_blank\"><img src=\"https:\/\/addmedia.link\/thumbs\/2023\/01261149.jpg\">\nPo\u013esk\u00e1 autorka Weronika Gogola nap\u00edsala knihu, v ktorej sa te\u0161\u00ed, \u017ee \u017eije na Slovensku, lebo tu m\u00e1me hedonistick\u00fd vz\u0165ah k svetu. Po jej do\u010d\u00edtan\u00ed som v\u0161ak vo ve\u013ek\u00fdch rozpakoch.<\/a><\/span><\/div>\r\n<div class=\"gca-column one-half\"><span class=\"noimages\"><a href=\"https:\/\/www.postoj.sk\/123110\/preco-z-nej-nie-som-taka-unesena-ako-kolegovia-v-denniku-n#new_tab\" target=\"_blank\"><img src=\"https:\/\/addmedia.link\/thumbs\/2023\/01261149.jpg\">\nPo\u013esk\u00e1 autorka Weronika Gogola nap\u00edsala knihu, v ktorej sa te\u0161\u00ed, \u017ee \u017eije na Slovensku, lebo tu m\u00e1me hedonistick\u00fd vz\u0165ah k svetu. Po jej do\u010d\u00edtan\u00ed som v\u0161ak vo ve\u013ek\u00fdch rozpakoch.<\/a><\/span><br>\r\n<span class=\"digest-copy\">  Eva \u010cobejov\u00e1 \/ Denn\u00edk Postoj<\/span><\/div>\r\n<span><hr><\/span>\r\n<\/div><div class=\"hungryfeed_block\">\r\n<div class=\"gca-utility clearfix\"><\/div>\r\n<h4 class=\"hungryfeed_item_title\">Rusi sa pribl\u00ed\u017eili jadrovej katastrofe a op\u00e4\u0165 \u010d\u00edtaj\u00fa Metro 2033<\/h4>\r\n<div class=\"gca-column one-half first\"><span class=\"onlyimages\"><a href=\"https:\/\/magazin.aktualne.cz\/kultura\/literatura\/rusove-se-priblizili-jaderne-katastrofe-gluchovskij-metro\/r~759518c49d5911ed9ae20cc47ab5f122\/#new_tab\" target=\"_blank\"><img src=\"https:\/\/addmedia.link\/thumbs\/2023\/01261120.jpg\">\nSpisovate\u013e Dmitrij Gluchovskij ods\u00fadil vojnu proti Ukrajine. Zatia\u013e \u010do \u017eije v zahrani\u010d\u00ed, v Rusku raketovo st\u00fapli predaje jeho kn\u00edh o \u017eivote moskovskom metre po apokalypse.<\/a><\/span><\/div>\r\n<div class=\"gca-column one-half\"><span class=\"noimages\"><a href=\"https:\/\/magazin.aktualne.cz\/kultura\/literatura\/rusove-se-priblizili-jaderne-katastrofe-gluchovskij-metro\/r~759518c49d5911ed9ae20cc47ab5f122\/#new_tab\" target=\"_blank\"><img src=\"https:\/\/addmedia.link\/thumbs\/2023\/01261120.jpg\">\nSpisovate\u013e Dmitrij Gluchovskij ods\u00fadil vojnu proti Ukrajine. Zatia\u013e \u010do \u017eije v zahrani\u010d\u00ed, v Rusku raketovo st\u00fapli predaje jeho kn\u00edh o \u017eivote moskovskom metre po apokalypse.<\/a><\/span><br>\r\n<span class=\"digest-copy\">  Reuters \/ Aktu\u00e1ln\u011b.cz<\/span><\/div>\r\n<span><hr><\/span>\r\n<\/div><div class=\"hungryfeed_block\">\r\n<div class=\"gca-utility clearfix\"><\/div>\r\n<h4 class=\"hungryfeed_item_title\">P\u00edsal \u013e\u00fabostn\u00e9 ver\u0161e a s\u00fa\u010dasne ospevoval Tisa aj Stalina<\/h4>\r\n<div class=\"gca-column one-half first\"><span class=\"onlyimages\"><a href=\"https:\/\/plus.sme.sk\/c\/22762526\/jan-kostra-versoval-o-laske-k-eve-vlasti-tisovi-i-stalinovi.html#new_tab\" target=\"_blank\"><img src=\"https:\/\/addmedia.link\/thumbs\/2021\/29101338.jpg\">\nKostra nap\u00edsal desiatky b\u00e1sn\u00ed a zasl\u00fa\u017eene patr\u00ed do u\u010debn\u00edc literat\u00fary. Jeho \u013e\u00fabostn\u00e1 b\u00e1se\u0148 Ave Eva je jednou z najpozoruhodnej\u0161\u00edch zbierok slovenskej modernej po\u00e9zie.<\/a><\/span><\/div>\r\n<div class=\"gca-column one-half\"><span class=\"noimages\"><a href=\"https:\/\/plus.sme.sk\/c\/22762526\/jan-kostra-versoval-o-laske-k-eve-vlasti-tisovi-i-stalinovi.html#new_tab\" target=\"_blank\"><img src=\"https:\/\/addmedia.link\/thumbs\/2021\/29101338.jpg\">\nKostra nap\u00edsal desiatky b\u00e1sn\u00ed a zasl\u00fa\u017eene patr\u00ed do u\u010debn\u00edc literat\u00fary. Jeho \u013e\u00fabostn\u00e1 b\u00e1se\u0148 Ave Eva je jednou z najpozoruhodnej\u0161\u00edch zbierok slovenskej modernej po\u00e9zie.<\/a><\/span><br>\r\n<span class=\"digest-copy\">  Peter Getting \/ Sme<\/span><\/div>\r\n<span><hr><\/span>\r\n<\/div><div class=\"hungryfeed_block\">\r\n<div class=\"gca-utility clearfix\"><\/div>\r\n<h4 class=\"hungryfeed_item_title\">S k\u00fapou kn\u00edh nev\u00e1hajte, odkazuj\u00fa vydavatelia, ceny rast\u00fa, ch\u00fdba papier<\/h4>\r\n<div class=\"gca-column one-half first\"><span class=\"onlyimages\"><a href=\"https:\/\/www.forbes.sk\/ceny-rastu-chyba-nielen-papier-s-kupou-knih-radsej-nevahajte-odkazuju-vydavatelia\/#new_tab\" target=\"_blank\"><img src=\"https:\/\/addmedia.link\/thumbs\/2021\/27101200.jpg\">\nNedostatok surov\u00edn pozna\u010dil viacer\u00e9 odvetvia. Okrem \u010dipov, stavebn\u00fdch materi\u00e1lov \u010di ocele, sa hovor\u00ed aj o nedostatku tla\u010diarensk\u00e9ho papiera, ktor\u00fd zasiahol vydavate\u013eov.<\/a><\/span><\/div>\r\n<div class=\"gca-column one-half\"><span class=\"noimages\"><a href=\"https:\/\/www.forbes.sk\/ceny-rastu-chyba-nielen-papier-s-kupou-knih-radsej-nevahajte-odkazuju-vydavatelia\/#new_tab\" target=\"_blank\"><img src=\"https:\/\/addmedia.link\/thumbs\/2021\/27101200.jpg\">\nNedostatok surov\u00edn pozna\u010dil viacer\u00e9 odvetvia. Okrem \u010dipov, stavebn\u00fdch materi\u00e1lov \u010di ocele, sa hovor\u00ed aj o nedostatku tla\u010diarensk\u00e9ho papiera, ktor\u00fd zasiahol vydavate\u013eov.<\/a><\/span><br>\r\n<span class=\"digest-copy\">  Martina Jurinov\u00e1 \/ Forbes<\/span><\/div>\r\n<span><hr><\/span>\r\n<\/div><div class=\"hungryfeed_block\">\r\n<div class=\"gca-utility clearfix\"><\/div>\r\n<h4 class=\"hungryfeed_item_title\">Melodramatick\u00fd brak od exprezidenta Kisku<\/h4>\r\n<div class=\"gca-column one-half first\"><span class=\"onlyimages\"><a href=\"https:\/\/kapital-noviny.sk\/melodramaticky-brak-od-exprezidenta-kisku\/#new_tab\" target=\"_blank\"><img src=\"https:\/\/addmedia.link\/thumbs\/2021\/14100800.jpg\">\nNepochybne to bol ve\u013emi \u0165a\u017ek\u00fd z\u00e1pas i pre redaktorku Nata\u0161u Holinov\u00fa, ktor\u00e1 o\u010dividne rezignovala, ke\u010f pustila rukopis v takejto verzii do tla\u010de.<\/a><\/span><\/div>\r\n<div class=\"gca-column one-half\"><span class=\"noimages\"><a href=\"https:\/\/kapital-noviny.sk\/melodramaticky-brak-od-exprezidenta-kisku\/#new_tab\" target=\"_blank\"><img src=\"https:\/\/addmedia.link\/thumbs\/2021\/14100800.jpg\">\nNepochybne to bol ve\u013emi \u0165a\u017ek\u00fd z\u00e1pas i pre redaktorku Nata\u0161u Holinov\u00fa, ktor\u00e1 o\u010dividne rezignovala, ke\u010f pustila rukopis v takejto verzii do tla\u010de.<\/a><\/span><br>\r\n<span class=\"digest-copy\">  Peter F. 'Rius J\u00edlek \/ Kapit\u00e1l<\/span><\/div>\r\n<span><hr><\/span>\r\n<\/div><div class=\"hungryfeed_block\">\r\n<div class=\"gca-utility clearfix\"><\/div>\r\n<h4 class=\"hungryfeed_item_title\">Zmaren\u00e9 n\u00e1deje a nenaplnen\u00e9 sny v poviedkach Kazua Ishigura<\/h4>\r\n<div class=\"gca-column one-half first\"><span class=\"onlyimages\"><a href=\"https:\/\/dennikn.sk\/2555316\/pri-stisenom-svetle-nostalgie-zmarene-nadeje-a-nenaplnene-sny-v-poviedkach-kazua-ishigura\/#new_tab\" target=\"_blank\"><img src=\"https:\/\/addmedia.link\/thumbs\/2021\/29091038.jpg\">\nKe\u010f britsk\u00fd spisovate\u013e Kazuo Ishiguro z\u00edskal Nobelovu cenu za literat\u00faru, anglick\u00fd profesor literat\u00fary Paul Gilroy sarkasticky poznamenal. Je fajn, \u017ee toto ocenenie dostal op\u00e4\u0165 gitarista. <\/a><\/span><\/div>\r\n<div class=\"gca-column one-half\"><span class=\"noimages\"><a href=\"https:\/\/dennikn.sk\/2555316\/pri-stisenom-svetle-nostalgie-zmarene-nadeje-a-nenaplnene-sny-v-poviedkach-kazua-ishigura\/#new_tab\" target=\"_blank\"><img src=\"https:\/\/addmedia.link\/thumbs\/2021\/29091038.jpg\">\nKe\u010f britsk\u00fd spisovate\u013e Kazuo Ishiguro z\u00edskal Nobelovu cenu za literat\u00faru, anglick\u00fd profesor literat\u00fary Paul Gilroy sarkasticky poznamenal. Je fajn, \u017ee toto ocenenie dostal op\u00e4\u0165 gitarista. <\/a><\/span><br>\r\n<span class=\"digest-copy\">  Pavel Malovi\u010d \/ Denn\u00edk N<\/span><\/div>\r\n<span><hr><\/span>\r\n<\/div><\/div>\n\n<div class=\"gca-utility clearfix\"><\/div>\n<div class=\"gca-utility vertical-spacer\"><\/div>\n<hr>\n<p><span class=\"page-content\">Autork\u00e9 pr\u00e1va a&nbsp;licencie uveden\u00fdch pr\u00edspevkov s\u00fa vyhraden\u00e9 a&nbsp;spravuje ich p\u00f4vodn\u00fd vydavate\u013e<\/span><\/p>\n","protected":false},"excerpt":{"rendered":"<p>O knih\u00e1ch, literat\u00fare a&nbsp;kult\u00fare samozrejme nep\u00ed\u0161eme len my, ale aj ostatn\u00e9 m\u00e9dia \u010di&nbsp;blogeri. Medzi mno\u017estvom inform\u00e1ci\u00ed, ktor\u00e9 na&nbsp;n\u00e1s ka\u017ed\u00fd de\u0148 doliehaj\u00fa, sa&nbsp;v\u0161ak mnoh\u00e9 zauj\u00edmav\u00e9 pr\u00edspevky stratia. Ak nejak\u00fd tak\u00fdto \u010dl\u00e1nok zaregistrujeme, tak odkaz na&nbsp;neho zaru\u010dene n\u00e1jdete na&nbsp;tejto str\u00e1nke. Autork\u00e9 pr\u00e1va&hellip; <a href=\"https:\/\/literarnenoviny.sk\/servis\/precitali-sme-si-pri-kave\/\" class=\"more-link\">Cel\u00e1 spr\u00e1va <span class=\"meta-nav\">&rarr;<\/span><\/a><\/p>\n","protected":false},"author":2,"featured_media":2395,"parent":0,"menu_order":0,"comment_status":"closed","ping_status":"closed","template":"","meta":{"_links_to":"","_links_to_target":""},"_links":{"self":[{"href":"https:\/\/literarnenoviny.sk\/servis\/wp-json\/wp\/v2\/pages\/2393"}],"collection":[{"href":"https:\/\/literarnenoviny.sk\/servis\/wp-json\/wp\/v2\/pages"}],"about":[{"href":"https:\/\/literarnenoviny.sk\/servis\/wp-json\/wp\/v2\/types\/page"}],"author":[{"embeddable":true,"href":"https:\/\/literarnenoviny.sk\/servis\/wp-json\/wp\/v2\/users\/2"}],"replies":[{"embeddable":true,"href":"https:\/\/literarnenoviny.sk\/servis\/wp-json\/wp\/v2\/comments?post=2393"}],"version-history":[{"count":0,"href":"https:\/\/literarnenoviny.sk\/servis\/wp-json\/wp\/v2\/pages\/2393\/revisions"}],"wp:featuredmedia":[{"embeddable":true,"href":"https:\/\/literarnenoviny.sk\/servis\/wp-json\/wp\/v2\/media\/2395"}],"wp:attachment":[{"href":"https:\/\/literarnenoviny.sk\/servis\/wp-json\/wp\/v2\/media?parent=2393"}],"curies":[{"name":"wp","href":"https:\/\/api.w.org\/{rel}","templated":true}]}}